{"id":822,"date":"2014-11-20T10:33:22","date_gmt":"2014-11-20T08:33:22","guid":{"rendered":"http:\/\/h140826112324845.hostingparadise.de\/?page_id=822"},"modified":"2025-10-09T15:30:21","modified_gmt":"2025-10-09T13:30:21","slug":"kurzprofil","status":"publish","type":"page","link":"https:\/\/www.fsg-hagen.de\/?page_id=822","title":{"rendered":"Kurzprofil"},"content":{"rendered":"<div id=\"pl-gb822-69ee1763709b3\"  class=\"panel-layout\" ><div id=\"pg-gb822-69ee1763709b3-0\"  class=\"panel-grid panel-no-style\" ><div id=\"pgc-gb822-69ee1763709b3-0-0\"  class=\"panel-grid-cell\" ><div id=\"panel-gb822-69ee1763709b3-0-0-0\" class=\"so-panel widget widget_black-studio-tinymce widget_black_studio_tinymce panel-first-child panel-last-child\" data-index=\"0\" ><div class=\"textwidget\"><h3>\u00a0<\/h3>\n<h3 style=\"text-align: center;\">Fritz-Steinhoff-Gesamtschule<\/h3>\n<\/div><\/div><\/div><div id=\"pgc-gb822-69ee1763709b3-0-1\"  class=\"panel-grid-cell\" ><div id=\"panel-gb822-69ee1763709b3-0-1-0\" class=\"so-panel widget widget_black-studio-tinymce widget_black_studio_tinymce panel-first-child panel-last-child\" data-index=\"1\" ><div class=\"textwidget\"><p><img loading=\"lazy\" decoding=\"async\" class=\"size-full wp-image-7312 aligncenter\" src=\"https:\/\/www.fsg-hagen.de\/wp-content\/uploads\/2024\/10\/FSG_kurz.jpg\" alt=\"\" width=\"575\" height=\"402\" srcset=\"https:\/\/www.fsg-hagen.de\/wp-content\/uploads\/2024\/10\/FSG_kurz.jpg 575w, https:\/\/www.fsg-hagen.de\/wp-content\/uploads\/2024\/10\/FSG_kurz-130x90.jpg 130w\" sizes=\"auto, (max-width: 575px) 100vw, 575px\" \/><\/p>\n<\/div><\/div><\/div><\/div><div id=\"pg-gb822-69ee1763709b3-1\"  class=\"panel-grid panel-no-style\" ><div id=\"pgc-gb822-69ee1763709b3-1-0\"  class=\"panel-grid-cell\" ><div id=\"panel-gb822-69ee1763709b3-1-0-0\" class=\"so-panel widget widget_black-studio-tinymce widget_black_studio_tinymce panel-first-child panel-last-child\" data-index=\"2\" ><div class=\"panel-widget-style panel-widget-style-for-gb822-69ee1763709b3-1-0-0\" ><div class=\"textwidget\"><p><strong>Kontakt<\/strong><br \/>Adresse: Am B\u00fcgel 20, 58099 Hagen<br \/>Telefon: 02331 39648-0<br \/>Fax: 02331 39648-123<br \/>E-Mail: fsg@fsg-hagen.de<br \/>Website: www.fsg-hagen.de<\/p>\n<p>Schulleitung: Herr M\u00f6nig<br \/>Vertretung: Herr Abel <br \/>Sekretariat: Frau Drees, Frau Solmaz<br \/>\u00d6ffnungszeiten: Mo., Mi. u. Do.: 8:00 Uhr bis 15:00 Uhr<br \/>\u00a0 \u00a0 \u00a0 \u00a0 \u00a0 \u00a0 \u00a0 \u00a0 \u00a0 \u00a0 \u00a0 \u00a0 \u00a0 \u00a0 \u00a0 Di. u. Fr.: 8:00 Uhr bis 13:00 Uhr<\/p>\n<\/div><\/div><\/div><\/div><div id=\"pgc-gb822-69ee1763709b3-1-1\"  class=\"panel-grid-cell\" ><div id=\"panel-gb822-69ee1763709b3-1-1-0\" class=\"so-panel widget widget_black-studio-tinymce widget_black_studio_tinymce panel-first-child panel-last-child\" data-index=\"3\" ><div class=\"textwidget\"><p><strong>VERANSTALTUNGEN<\/strong><\/p>\n<p><strong>Tag der \u201eOffenen T\u00fcr\u201c f\u00fcr Sch\u00fcler\/innen und Eltern<\/strong><br \/>Sa., 22.11.2025, von 10:00 Uhr bis 13:00 Uhr<\/p>\n<p>Ablauf Tag der \u201eOffenen T\u00fcr\u201c<br \/>Information \u00fcber Ziele, Schwerpunkte, Struktur und Organisation der Schule, Teilnahme an kurzen Unterrichtseinheiten, Schulf\u00fchrung, Gelegenheit zu R\u00fcckfragen und Einzelgespr\u00e4chen.<br \/>Am Tag der \u201eOffenen T\u00fcr\u201c gibt es auch Informationen zur Oberstufe.<\/p>\n<p><strong>Informationsveranstaltung f\u00fcr Eltern<\/strong><br \/>Di., 09.12.2025 um 18:00 Uhr<\/p>\n<\/div><\/div><\/div><\/div><div id=\"pg-gb822-69ee1763709b3-2\"  class=\"panel-grid panel-no-style\" ><div id=\"pgc-gb822-69ee1763709b3-2-0\"  class=\"panel-grid-cell\" ><div id=\"panel-gb822-69ee1763709b3-2-0-0\" class=\"so-panel widget widget_black-studio-tinymce widget_black_studio_tinymce panel-first-child panel-last-child\" data-index=\"4\" ><div class=\"textwidget\"><p><strong>SCHWERPUNKTE DES SCHULPROGRAMMS<\/strong><\/p>\n<ul>\n<li>selbstverantwortliches Lernen: Lernen lernen, Lernzeiten, Lerntraining, Logbuch, Lerncoaching<\/li>\n<li>Soziales Lernen: Klassenrat, Kooperative Lernformen, Streitschlichtung<\/li>\n<li>Studien- und Berufsorientierung<\/li>\n<li>Sprachsensibler Unterricht<\/li>\n<li>Neue Medien und Medienkompetenz<\/li>\n<\/ul>\n<p><strong>ORGANISATION DES UNTERRICHTS<\/strong><\/p>\n<p>Beginn des Unterrichts: 8:00 Uhr<br \/>L\u00e4nge der Unterrichtseinheiten: 60 Minuten<br \/>Betreuungs- und Ganztagsangebote: Ganztagsschule mit Angebot an Arbeitsgemeinschaften<\/p>\n<p><strong>FREMDSPRACHEN<\/strong><\/p>\n<ul>\n<li>Englisch (ab Jg. 5)<\/li>\n<li>Franz\u00f6sisch\/Italienisch (ab Jg. 7)<\/li>\n<li>Latein (ab Jg. 9)<\/li>\n<\/ul>\n<p><strong>SCHULPROJEKTE<\/strong><\/p>\n<ul>\n<li>Jahrgangsprojekte Jg. 5-10: Sexualkunde, Wald, Wasser, Gewaltpr\u00e4vention, Berufspraktikum, Dachau<\/li>\n<li>Jahrgangsvorhaben: Teambildung (Jg. 5), Klassenfahrt (Jg. 6), Toleranz (Jg. 7), Klassenfahrt (Jg. 8), Arbeitswelt (Jg. 9), Start ins Leben (Jg. 10), Methodentraining (Jg. 11), Studienorientierung (Jg. 12), Klassenfahrt (Jg. 13)<\/li>\n<li>Medienscouts (Landesprojekt \u201eMedienscouts-NRW\u201c)<\/li>\n<li>Streitschlichtung<\/li>\n<li>Schulsanit\u00e4ter<\/li>\n<li>Fahrtenprogramm:\n<ul>\n<li>Klassenfahrten in den Jg. 6, 8, 13<\/li>\n<li>Gedenkst\u00e4ttenfahrt in Jg. 10<\/li>\n<li>Franz\u00f6sisch-Fahrt L\u00fcttich oder Br\u00fcssel Jg. 8+12<\/li>\n<li>Franz\u00f6sisch-Fahrt Paris Jg. 10+11<\/li>\n<li>Italienisch-Fahrt Mailand Jg. 10+12<\/li>\n<\/ul>\n<\/li>\n<\/ul>\n<\/div><\/div><\/div><div id=\"pgc-gb822-69ee1763709b3-2-1\"  class=\"panel-grid-cell\" ><div id=\"panel-gb822-69ee1763709b3-2-1-0\" class=\"so-panel widget widget_black-studio-tinymce widget_black_studio_tinymce panel-first-child panel-last-child\" data-index=\"5\" ><div class=\"textwidget\"><p><strong>BESONDERHEITEN<\/strong><\/p>\n<ul>\n<li>Mitglied im Netzwerk \u201eZukunftsschulen NRW\u201c<\/li>\n<li>Mitglied im Netzwerk \u201eSchulen im Team\u201c<\/li>\n<li>Telc \u2013 LANGUAGE TESTS (offizielles, anerkanntes Sprachenzertifikat)<\/li>\n<li>Mitglied im Netzwerk \u201eSchule ohne Rassismus \u2013 Schule mit Courage\u201c<\/li>\n<li>zwei Klassenlehrer*innen pro Klasse<\/li>\n<li>Patensystem (\u00e4ltere Sch\u00fcler als Paten f\u00fcr die neuen Klassen 5)<\/li>\n<li>kostenloses Schlie\u00dffach f\u00fcr jede*n Sch\u00fcler*in<\/li>\n<li>ActiveBoards im naturwissenschaftlichen Unterricht<\/li>\n<li>Profilf\u00e4cher ab Jahrgang 7: Sprachen (It., Frz.) &#8211; Darstellen und Gestalten &#8211; MINT &#8211; Arbeitslehre<\/li>\n<li>60 Minuten dauernde Unterrichtsstunden f\u00fcr moderne Unterrichtsmethoden und Entschleunigung des Schultags<\/li>\n<li>Intensive Berufsorientierung ab Jahrgang 8 bis 13 durch das schuleigene Berufsorientierungszentrum BOZ in Zusammenarbeit mit au\u00dferschulischen Partnern und die Teilnahme am KAoA-Programm<\/li>\n<li>Mitarbeit zahlreicher Eltern im Ganztagsbetrieb, u.a. in AGs und im Sch\u00fclercaf\u00e9<\/li>\n<\/ul>\n<\/div><\/div><\/div><\/div><div id=\"pg-gb822-69ee1763709b3-3\"  class=\"panel-grid panel-no-style\" ><div id=\"pgc-gb822-69ee1763709b3-3-0\"  class=\"panel-grid-cell\" ><div id=\"panel-gb822-69ee1763709b3-3-0-0\" class=\"so-panel widget widget_black-studio-tinymce widget_black_studio_tinymce panel-first-child panel-last-child\" data-index=\"6\" ><div class=\"textwidget\"><p><strong>KONZEPTE ZUR INDIVIDUELLEN F\u00d6RDERUNG<\/strong><\/p>\n<ul>\n<li>Intensiver Erfahrungsaustausch mit den Grundschullehrer*innen<\/li>\n<li>Gemeinsame Projekte zum sozialen Lernen mit verschiedenen Grundschulen<\/li>\n<li>Diagnosetests in Mathematik und im sprachlichen Bereich (u.a. Duisburger Sprachstandstest)<\/li>\n<li>Besondere F\u00f6rderung der sprachlichen und mathematischen F\u00e4higkeiten durch zus\u00e4tzliche F\u00f6rderprogramme<\/li>\n<li>Patenkonzept in Jahrgang 5 (Sch\u00fcler und Sch\u00fclerinnen der SII)<\/li>\n<li>Lernzeiten zur Erledigung schriftlicher Aufgaben, keine Hausaufgaben<\/li>\n<li>Logbuch, Lerntraining und Lerncoaching als Unterst\u00fctzung zum selbstverantwortlichen Lernen<\/li>\n<li>kompetenzorientierte Leistungsbewertung mit individuellen R\u00fcckmeldungen<\/li>\n<li>Kooperative Lernformen und selbstst\u00e4ndiges Lernen<\/li>\n<li>Soziales Lernen u.a. durch Klassenrat, Streitschlichter und weitere Projekte in den Jahrg\u00e4ngen 5 \u2013 10<\/li>\n<li>Intensive Lesef\u00f6rderung in Zusammenarbeit mit der Schulb\u00fccherei des Hagener Nordens<\/li>\n<\/ul>\n<\/div><\/div><\/div><div id=\"pgc-gb822-69ee1763709b3-3-1\"  class=\"panel-grid-cell\" ><div id=\"panel-gb822-69ee1763709b3-3-1-0\" class=\"so-panel widget widget_black-studio-tinymce widget_black_studio_tinymce panel-first-child panel-last-child\" data-index=\"7\" ><div class=\"textwidget\"><p><strong>GYMNASIALE OBERSTUFE<\/strong><\/p>\n<ul>\n<li>Abschl\u00fcsse: Fachhochschulreife nach Jg. 12, Abitur nach Jg. 13<\/li>\n<li>Franz\u00f6sisch und Italienisch neu einsetzend und nach Bedarf weiterf\u00fchrend<\/li>\n<li>Angebot f\u00fcr die Leistungskurswahl: Deutsch, Mathematik, Englisch, Biologie, P\u00e4dagogik, Sozialwissenschaft, Geschichte, Erdkunde<\/li>\n<li>Projekttage zum methodischen und eigenverantwortlichen Lernen in der Oberstufe<\/li>\n<li>Studienorientierungswoche an der Ruhr-Universit\u00e4t Bochum<\/li>\n<li>individuelle Schullaufbahnberatung und Studien- und Berufswahlberatung<\/li>\n<li>Mitglied im Netzwerk \u201eNRW-Talentscouting\u201c<\/li>\n<\/ul>\n<\/div><\/div><\/div><\/div><\/div>\n\n\n<p><\/p>\n","protected":false},"excerpt":{"rendered":"<p>\u00a0 Fritz-Steinhoff-Gesamtschule KontaktAdresse: Am B\u00fcgel 20, 58099 HagenTelefon: 02331 39648-0Fax: 02331 39648-123E-Mail: fsg@fsg-hagen.deWebsite: www.fsg-hagen.de Schulleitung: Herr M\u00f6nigVertretung: Herr Abel Sekretariat:<\/p>\n","protected":false},"author":4,"featured_media":0,"parent":96,"menu_order":0,"comment_status":"closed","ping_status":"closed","template":"","meta":{"colormag_page_container_layout":"default_layout","colormag_page_sidebar_layout":"default_layout","footnotes":""},"class_list":["post-822","page","type-page","status-publish","hentry"],"_links":{"self":[{"href":"https:\/\/www.fsg-hagen.de\/index.php?rest_route=\/wp\/v2\/pages\/822","targetHints":{"allow":["GET"]}}],"collection":[{"href":"https:\/\/www.fsg-hagen.de\/index.php?rest_route=\/wp\/v2\/pages"}],"about":[{"href":"https:\/\/www.fsg-hagen.de\/index.php?rest_route=\/wp\/v2\/types\/page"}],"author":[{"embeddable":true,"href":"https:\/\/www.fsg-hagen.de\/index.php?rest_route=\/wp\/v2\/users\/4"}],"replies":[{"embeddable":true,"href":"https:\/\/www.fsg-hagen.de\/index.php?rest_route=%2Fwp%2Fv2%2Fcomments&post=822"}],"version-history":[{"count":24,"href":"https:\/\/www.fsg-hagen.de\/index.php?rest_route=\/wp\/v2\/pages\/822\/revisions"}],"predecessor-version":[{"id":7752,"href":"https:\/\/www.fsg-hagen.de\/index.php?rest_route=\/wp\/v2\/pages\/822\/revisions\/7752"}],"up":[{"embeddable":true,"href":"https:\/\/www.fsg-hagen.de\/index.php?rest_route=\/wp\/v2\/pages\/96"}],"wp:attachment":[{"href":"https:\/\/www.fsg-hagen.de\/index.php?rest_route=%2Fwp%2Fv2%2Fmedia&parent=822"}],"curies":[{"name":"wp","href":"https:\/\/api.w.org\/{rel}","templated":true}]}}