{"id":3097,"date":"2017-09-07T07:32:03","date_gmt":"2017-09-07T06:32:03","guid":{"rendered":"http:\/\/www.fsg-hagen.de\/?page_id=3097"},"modified":"2019-05-03T21:31:01","modified_gmt":"2019-05-03T20:31:01","slug":"aktuelles-und-termine","status":"publish","type":"page","link":"https:\/\/www.fsg-hagen.de\/?page_id=3097","title":{"rendered":"Aktuelles und Termine"},"content":{"rendered":"\r\n\t\t<div class=\"sp_wpspwpost_static wpspw-design-1 wpspw-grid-2 wpspw-clearfix \">\r\n\r\n\t\t\t\r\n<div class=\"wpspw-post-grid wpspw-medium-6 wpspw-columns first\">\r\n\t<div class=\"wpspw-post-grid-content  \">\r\n\r\n\t\t\t\t\t<div class=\"wpspw-post-image-bg\">\r\n\t\t\t\t<a href=\"https:\/\/www.fsg-hagen.de\/?p=7987\">\r\n\t\t\t\t\t<img decoding=\"async\" src=\"https:\/\/www.fsg-hagen.de\/wp-content\/uploads\/2026\/04\/Grafik-1.png\" alt=\"Die f\u00fcnfte Verleihung des Preises #ehrenwert hat stattgefunden!\" \/>\r\n\t\t\t\t<\/a>\r\n\t\t\t<\/div>\r\n\t\t\r\n\t\t<h2 class=\"wpspw-post-title\">\r\n\t\t\t<a href=\"https:\/\/www.fsg-hagen.de\/?p=7987\">Die f\u00fcnfte Verleihung des Preises #ehrenwert hat stattgefunden!<\/a>\r\n\t\t<\/h2>\r\n\r\n\t\t\t\t\t<div class=\"wpspw-post-content\">\r\n\t\t\t\t\t\t\t\t\t<div>\r\n\t\t\t\t\t\tIn einer kleinen, aber sehr sch\u00f6nen Zeremonie, hat das Team #ehrenwert zum f\u00fcnften Mal insgesamt 16 Mitsch\u00fcler*innen ausgezeichnet. Da von...\t\t\t\t\t<\/div>\r\n\t\t\t\t\t<a class=\"wpspw-readmorebtn\" href=\"https:\/\/www.fsg-hagen.de\/?p=7987\">Read More<\/a>\r\n\t\t\t\t\t\t\t<\/div>\r\n\t\t\t<\/div>\r\n<\/div>\r\n<div class=\"wpspw-post-grid wpspw-medium-6 wpspw-columns \">\r\n\t<div class=\"wpspw-post-grid-content  \">\r\n\r\n\t\t\t\t\t<div class=\"wpspw-post-image-bg\">\r\n\t\t\t\t<a href=\"https:\/\/www.fsg-hagen.de\/?p=7964\">\r\n\t\t\t\t\t<img decoding=\"async\" src=\"https:\/\/www.fsg-hagen.de\/wp-content\/uploads\/2026\/04\/qualis_01.jpg\" alt=\"Workshop bei der Fachtagung von Qualis\" \/>\r\n\t\t\t\t<\/a>\r\n\t\t\t<\/div>\r\n\t\t\r\n\t\t<h2 class=\"wpspw-post-title\">\r\n\t\t\t<a href=\"https:\/\/www.fsg-hagen.de\/?p=7964\">Workshop bei der Fachtagung von Qualis<\/a>\r\n\t\t<\/h2>\r\n\r\n\t\t\t\t\t<div class=\"wpspw-post-content\">\r\n\t\t\t\t\t\t\t\t\t<div>\r\n\t\t\t\t\t\tErfolgreicher Workshop bei der Fachtagung von Qualis NRW: Bewegungskonzept st\u00f6\u00dft auf gro\u00dfes Interesse Im Rahmen einer Fachtagung bei Qualis NRW...\t\t\t\t\t<\/div>\r\n\t\t\t\t\t<a class=\"wpspw-readmorebtn\" href=\"https:\/\/www.fsg-hagen.de\/?p=7964\">Read More<\/a>\r\n\t\t\t\t\t\t\t<\/div>\r\n\t\t\t<\/div>\r\n<\/div>\r\n<div class=\"wpspw-post-grid wpspw-medium-6 wpspw-columns first\">\r\n\t<div class=\"wpspw-post-grid-content  \">\r\n\r\n\t\t\t\t\t<div class=\"wpspw-post-image-bg\">\r\n\t\t\t\t<a href=\"https:\/\/www.fsg-hagen.de\/?p=7960\">\r\n\t\t\t\t\t<img decoding=\"async\" src=\"https:\/\/www.fsg-hagen.de\/wp-content\/uploads\/2026\/04\/hkgr02.jpg\" alt=\"Erstes Fu\u00dfballturnier \u201eHagen kickt gegen Rassismus\u201c an der FSG\" \/>\r\n\t\t\t\t<\/a>\r\n\t\t\t<\/div>\r\n\t\t\r\n\t\t<h2 class=\"wpspw-post-title\">\r\n\t\t\t<a href=\"https:\/\/www.fsg-hagen.de\/?p=7960\">Erstes Fu\u00dfballturnier \u201eHagen kickt gegen Rassismus\u201c an der FSG<\/a>\r\n\t\t<\/h2>\r\n\r\n\t\t\t\t\t<div class=\"wpspw-post-content\">\r\n\t\t\t\t\t\t\t\t\t<div>\r\n\t\t\t\t\t\tAm Samstag, den 21.03.2026, haben unsere Schule und die Geschwister-Scholl-Schule gemeinsam ein Zeichen gegen Rassismus und Diskriminierung gesetzt. Bei einem...\t\t\t\t\t<\/div>\r\n\t\t\t\t\t<a class=\"wpspw-readmorebtn\" href=\"https:\/\/www.fsg-hagen.de\/?p=7960\">Read More<\/a>\r\n\t\t\t\t\t\t\t<\/div>\r\n\t\t\t<\/div>\r\n<\/div>\r\n<div class=\"wpspw-post-grid wpspw-medium-6 wpspw-columns \">\r\n\t<div class=\"wpspw-post-grid-content  \">\r\n\r\n\t\t\t\t\t<div class=\"wpspw-post-image-bg\">\r\n\t\t\t\t<a href=\"https:\/\/www.fsg-hagen.de\/?p=7952\">\r\n\t\t\t\t\t<img decoding=\"async\" src=\"https:\/\/www.fsg-hagen.de\/wp-content\/uploads\/2026\/03\/milano26.jpg\" alt=\"Mailandfahrt 2026\" \/>\r\n\t\t\t\t<\/a>\r\n\t\t\t<\/div>\r\n\t\t\r\n\t\t<h2 class=\"wpspw-post-title\">\r\n\t\t\t<a href=\"https:\/\/www.fsg-hagen.de\/?p=7952\">Mailandfahrt 2026<\/a>\r\n\t\t<\/h2>\r\n\r\n\t\t\t\t\t<div class=\"wpspw-post-content\">\r\n\t\t\t\t\t\t\t\t\t<div>\r\n\t\t\t\t\t\tDieses Jahr ging es f\u00fcr uns, den Italienischkurs des 10. Jahrgangs, endlich nach Mailand! Die Fahrt fand vom 25.01.26-30.01.26 statt....\t\t\t\t\t<\/div>\r\n\t\t\t\t\t<a class=\"wpspw-readmorebtn\" href=\"https:\/\/www.fsg-hagen.de\/?p=7952\">Read More<\/a>\r\n\t\t\t\t\t\t\t<\/div>\r\n\t\t\t<\/div>\r\n<\/div>\r\n<div class=\"wpspw-post-grid wpspw-medium-6 wpspw-columns first\">\r\n\t<div class=\"wpspw-post-grid-content  \">\r\n\r\n\t\t\t\t\t<div class=\"wpspw-post-image-bg\">\r\n\t\t\t\t<a href=\"https:\/\/www.fsg-hagen.de\/?p=7942\">\r\n\t\t\t\t\t<img decoding=\"async\" src=\"https:\/\/www.fsg-hagen.de\/wp-content\/uploads\/2026\/03\/medienscouts.jpg\" alt=\"Die Fritz-Steinhoff Gesamtschule ist \u201eMedienscouts-Schule 2024\/2025\u201c\" \/>\r\n\t\t\t\t<\/a>\r\n\t\t\t<\/div>\r\n\t\t\r\n\t\t<h2 class=\"wpspw-post-title\">\r\n\t\t\t<a href=\"https:\/\/www.fsg-hagen.de\/?p=7942\">Die Fritz-Steinhoff Gesamtschule ist \u201eMedienscouts-Schule 2024\/2025\u201c<\/a>\r\n\t\t<\/h2>\r\n\r\n\t\t\t\t\t<div class=\"wpspw-post-content\">\r\n\t\t\t\t\t\t\t\t\t<div>\r\n\t\t\t\t\t\tDieses Abzeichen wird an Schulen verliehen, die sich in besonderem Ma\u00dfe f\u00fcr das Programm Medienscouts NRW engagieren. Die Medienscouts sind...\t\t\t\t\t<\/div>\r\n\t\t\t\t\t<a class=\"wpspw-readmorebtn\" href=\"https:\/\/www.fsg-hagen.de\/?p=7942\">Read More<\/a>\r\n\t\t\t\t\t\t\t<\/div>\r\n\t\t\t<\/div>\r\n<\/div>\r\n<div class=\"wpspw-post-grid wpspw-medium-6 wpspw-columns \">\r\n\t<div class=\"wpspw-post-grid-content  \">\r\n\r\n\t\t\t\t\t<div class=\"wpspw-post-image-bg\">\r\n\t\t\t\t<a href=\"https:\/\/www.fsg-hagen.de\/?p=7937\">\r\n\t\t\t\t\t<img decoding=\"async\" src=\"https:\/\/www.fsg-hagen.de\/wp-content\/uploads\/2026\/03\/tec_26_03.jpeg\" alt=\"TecDay\" \/>\r\n\t\t\t\t<\/a>\r\n\t\t\t<\/div>\r\n\t\t\r\n\t\t<h2 class=\"wpspw-post-title\">\r\n\t\t\t<a href=\"https:\/\/www.fsg-hagen.de\/?p=7937\">TecDay<\/a>\r\n\t\t<\/h2>\r\n\r\n\t\t\t\t\t<div class=\"wpspw-post-content\">\r\n\t\t\t\t\t\t\t\t\t<div>\r\n\t\t\t\t\t\tAuch in diesem Jahr konnten wieder ca. 30 Sch\u00fclerinnen und Sch\u00fcler aus dem 8. Jahrgang unserer Schule im Rahmen der...\t\t\t\t\t<\/div>\r\n\t\t\t\t\t<a class=\"wpspw-readmorebtn\" href=\"https:\/\/www.fsg-hagen.de\/?p=7937\">Read More<\/a>\r\n\t\t\t\t\t\t\t<\/div>\r\n\t\t\t<\/div>\r\n<\/div>\r\n<div class=\"wpspw-post-grid wpspw-medium-6 wpspw-columns first\">\r\n\t<div class=\"wpspw-post-grid-content  \">\r\n\r\n\t\t\t\t\t<div class=\"wpspw-post-image-bg\">\r\n\t\t\t\t<a href=\"https:\/\/www.fsg-hagen.de\/?p=7927\">\r\n\t\t\t\t\t<img decoding=\"async\" src=\"https:\/\/www.fsg-hagen.de\/wp-content\/uploads\/2026\/03\/zeug_01.jpg\" alt=\"Halbjahreszeugnisse mit besonderer Anerkennung: Zertifikate f\u00fcr ehrenamtliches Engagement\" \/>\r\n\t\t\t\t<\/a>\r\n\t\t\t<\/div>\r\n\t\t\r\n\t\t<h2 class=\"wpspw-post-title\">\r\n\t\t\t<a href=\"https:\/\/www.fsg-hagen.de\/?p=7927\">Halbjahreszeugnisse mit besonderer Anerkennung: Zertifikate f\u00fcr ehrenamtliches Engagement<\/a>\r\n\t\t<\/h2>\r\n\r\n\t\t\t\t\t<div class=\"wpspw-post-content\">\r\n\t\t\t\t\t\t\t\t\t<div>\r\n\t\t\t\t\t\tMit den Halbjahreszeugnissen gab es in diesem Jahr an der Fritz-Steinhoff-Gesamtschule eine besondere Erg\u00e4nzung: Viele Sch\u00fclerinnen und Sch\u00fcler erhielten zus\u00e4tzlich...\t\t\t\t\t<\/div>\r\n\t\t\t\t\t<a class=\"wpspw-readmorebtn\" href=\"https:\/\/www.fsg-hagen.de\/?p=7927\">Read More<\/a>\r\n\t\t\t\t\t\t\t<\/div>\r\n\t\t\t<\/div>\r\n<\/div>\r\n<div class=\"wpspw-post-grid wpspw-medium-6 wpspw-columns \">\r\n\t<div class=\"wpspw-post-grid-content  \">\r\n\r\n\t\t\t\t\t<div class=\"wpspw-post-image-bg\">\r\n\t\t\t\t<a href=\"https:\/\/www.fsg-hagen.de\/?p=7923\">\r\n\t\t\t\t\t<img decoding=\"async\" src=\"https:\/\/www.fsg-hagen.de\/wp-content\/uploads\/2026\/03\/projekt_huette_09.jpeg\" alt=\"Lernen mit Kopf, Herz und Hand \u2013 der Projektkurs Erlebnisp\u00e4dagogik unterwegs\" \/>\r\n\t\t\t\t<\/a>\r\n\t\t\t<\/div>\r\n\t\t\r\n\t\t<h2 class=\"wpspw-post-title\">\r\n\t\t\t<a href=\"https:\/\/www.fsg-hagen.de\/?p=7923\">Lernen mit Kopf, Herz und Hand \u2013 der Projektkurs Erlebnisp\u00e4dagogik unterwegs<\/a>\r\n\t\t<\/h2>\r\n\r\n\t\t\t\t\t<div class=\"wpspw-post-content\">\r\n\t\t\t\t\t\t\t\t\t<div>\r\n\t\t\t\t\t\tBei bestem Wetter machte sich der Projektkurs\u00a0Erlebnisp\u00e4dagogik\u00a0auf den Weg in den nahegelegenen\u00a0Flyer Wald, um die schulnahe Natur mit allen Sinnen...\t\t\t\t\t<\/div>\r\n\t\t\t\t\t<a class=\"wpspw-readmorebtn\" href=\"https:\/\/www.fsg-hagen.de\/?p=7923\">Read More<\/a>\r\n\t\t\t\t\t\t\t<\/div>\r\n\t\t\t<\/div>\r\n<\/div>\r\n\t\t\t\t\t\t\t<div class=\"wpspw_pagination wpspw-numeric wpspw-clearfix\">\r\n\t\t\t\t\t<span aria-current=\"page\" class=\"page-numbers current\">1<\/span>\n<a class=\"page-numbers\" href=\"https:\/\/www.fsg-hagen.de\/index.php?rest_route=%2Fwp%2Fv2%2Fpages%2F3097&#038;paged=2\">2<\/a>\n<a class=\"page-numbers\" href=\"https:\/\/www.fsg-hagen.de\/index.php?rest_route=%2Fwp%2Fv2%2Fpages%2F3097&#038;paged=3\">3<\/a>\n<span class=\"page-numbers dots\">&hellip;<\/span>\n<a class=\"page-numbers\" href=\"https:\/\/www.fsg-hagen.de\/index.php?rest_route=%2Fwp%2Fv2%2Fpages%2F3097&#038;paged=33\">33<\/a>\n<a class=\"next page-numbers\" href=\"https:\/\/www.fsg-hagen.de\/index.php?rest_route=%2Fwp%2Fv2%2Fpages%2F3097&#038;paged=2\">Next &raquo;<\/a>\t\t\t\t<\/div>\r\n\t\t\t\t\t<\/div>\r\n\r\n\t\n","protected":false},"excerpt":{"rendered":"","protected":false},"author":4,"featured_media":0,"parent":0,"menu_order":0,"comment_status":"closed","ping_status":"closed","template":"","meta":{"colormag_page_container_layout":"default_layout","colormag_page_sidebar_layout":"default_layout","footnotes":""},"class_list":["post-3097","page","type-page","status-publish","hentry"],"_links":{"self":[{"href":"https:\/\/www.fsg-hagen.de\/index.php?rest_route=\/wp\/v2\/pages\/3097","targetHints":{"allow":["GET"]}}],"collection":[{"href":"https:\/\/www.fsg-hagen.de\/index.php?rest_route=\/wp\/v2\/pages"}],"about":[{"href":"https:\/\/www.fsg-hagen.de\/index.php?rest_route=\/wp\/v2\/types\/page"}],"author":[{"embeddable":true,"href":"https:\/\/www.fsg-hagen.de\/index.php?rest_route=\/wp\/v2\/users\/4"}],"replies":[{"embeddable":true,"href":"https:\/\/www.fsg-hagen.de\/index.php?rest_route=%2Fwp%2Fv2%2Fcomments&post=3097"}],"version-history":[{"count":2,"href":"https:\/\/www.fsg-hagen.de\/index.php?rest_route=\/wp\/v2\/pages\/3097\/revisions"}],"predecessor-version":[{"id":3099,"href":"https:\/\/www.fsg-hagen.de\/index.php?rest_route=\/wp\/v2\/pages\/3097\/revisions\/3099"}],"wp:attachment":[{"href":"https:\/\/www.fsg-hagen.de\/index.php?rest_route=%2Fwp%2Fv2%2Fmedia&parent=3097"}],"curies":[{"name":"wp","href":"https:\/\/api.w.org\/{rel}","templated":true}]}}