{"id":1651,"date":"2015-11-22T20:03:56","date_gmt":"2015-11-22T19:03:56","guid":{"rendered":"http:\/\/www.fsg-hagen.de\/?page_id=1651"},"modified":"2015-11-24T13:48:11","modified_gmt":"2015-11-24T12:48:11","slug":"sprachen","status":"publish","type":"page","link":"https:\/\/www.fsg-hagen.de\/?page_id=1651","title":{"rendered":"Sprachen (Italienisch und Franz\u00f6sisch)"},"content":{"rendered":"<p><strong>Warum ist eine zweite Fremdsprache die richtige Wahl?<\/strong><\/p>\n<ul>\n<li>Fremdsprachenkenntnisse, die \u00fcber Englisch hinausgehen, werden beruflich im vereinten Europa immer wichtiger.<\/li>\n<li>Beide L\u00e4nder sind beliebte Reisel\u00e4nder, in denen die Beherrschung der Landessprache auch f\u00fcr Touristen wichtig ist (Englisch ist dort oft keine gute Alternative).<\/li>\n<li>Wer das Abitur als Abschluss anstrebt, muss im Laufe seiner Schullaufbahn zwei Fremdsprachen erlernen. Daf\u00fcr bietet der WP-Bereich ab Klasse 6 die erste M\u00f6glichkeit. Wer in den Klassen 6-10 Italienisch oder Franz\u00f6sisch lernt, kann sich in der Oberstufe st\u00e4rker auf andere F\u00e4cher konzentrieren.<\/li>\n<\/ul>\n<p><strong>F\u00fcr wen ist die zweite Fremdsprache die richtige Wahl?<\/strong><\/p>\n<p>F\u00fcr alle, die wirklich Spa\u00df am Sprachenlernen haben und eine neue Kultur entdecken wollen!<br \/>\nEltern, die sich nicht sicher sind, ob die Wahl einer zweiten Fremdsprache f\u00fcr ihr Kind zu diesem Zeitpunkt sinnvoll ist, sollten sich mit den Deutsch- und Englischlehrern und \u2013lehrerinnen beraten.<br \/>\nAuch in Klasse 8 kann mit Latein noch eine zweite Fremdsprache gew\u00e4hlt werden; Italienisch und Franz\u00f6sisch werden zudem noch ab Klasse 11 angeboten.<\/p>\n<p><strong>Franz\u00f6sisch und Italienisch: zwei romanische Sprachen<\/strong><\/p>\n<p>Auch wenn sie ganz unterschiedlich klingen, haben Franz\u00f6sisch und Italienisch viel gemeinsam. Wortschatz und Grammatik sind \u00e4hnlich, ebenso wie die Bereiche, f\u00fcr die Frankreich und Italien ber\u00fchmt sind und \u00fcber die wir daher im Unterricht sprechen:<\/p>\n<p style=\"text-align: center;\">[ezcol_1third]<\/p>\n<p style=\"text-align: center;\"><strong>in Mailand<\/strong><\/p>\n<p style=\"text-align: center;\">Pizza &amp; Pasta<br \/>\nKolosseum, Venedig, Schiefer Turm von Pisa \u2026<br \/>\nin den Dolomiten<br \/>\nauf dem Gardasee[\/ezcol_1third] [ezcol_1third]\u00a0\u00a0\u00a0\u00a0\u00a0\u00a0 <span style=\"color: #ffffff;\">.<\/span><\/p>\n<p style=\"text-align: center;\">schicke Mode und Shoppen<br \/>\nexzellente K\u00fcche<br \/>\nKultursch\u00e4tze<br \/>\nSkilaufen<br \/>\nSurfen, Segeln,<br \/>\nKanufahren [\/ezcol_1third] [ezcol_1third_end]<\/p>\n<p style=\"text-align: center;\"><strong>in Paris<\/strong><\/p>\n<p style=\"text-align: center;\">Cr\u00eapes, Quiche<br \/>\nN\u00f4tre Dame, Louvre, Eiffelturm<br \/>\nam Mont-Blanc<br \/>\nin Biarritz,<br \/>\nin der Ard\u00e8che[\/ezcol_1third_end]<\/p>\n<p>\u00a0<strong>Und die Sprachen haben noch mehr zu bieten:<\/strong><\/p>\n<ul>\n<li>International anerkannte Sprachenzertifikate erwerben.<\/li>\n<li>Fahrten und Austausche (z.B. nach L\u00fcttich, Paris, Venedig, Padua \u2026), eventuell auch gemeinsam.<\/li>\n<li>\u201enebenbei\u201c Grundlagen in anderen romanischen Sprachen erlernen, z.B. in Spanisch oder Portugiesisch.<\/li>\n<li>Beste Voraussetzungen f\u00fcr ein Studium schaffen (Sprachen, Geschichte, Jura, Wirtschaftswissenschaften \u2026) und Berufsaussichten verbessern.<\/li>\n<\/ul>\n","protected":false},"excerpt":{"rendered":"<p>Warum ist eine zweite Fremdsprache die richtige Wahl? Fremdsprachenkenntnisse, die \u00fcber Englisch hinausgehen, werden beruflich im vereinten Europa immer wichtiger.<\/p>\n","protected":false},"author":4,"featured_media":0,"parent":1621,"menu_order":0,"comment_status":"closed","ping_status":"closed","template":"","meta":{"colormag_page_container_layout":"default_layout","colormag_page_sidebar_layout":"default_layout","footnotes":""},"class_list":["post-1651","page","type-page","status-publish","hentry"],"_links":{"self":[{"href":"https:\/\/www.fsg-hagen.de\/index.php?rest_route=\/wp\/v2\/pages\/1651","targetHints":{"allow":["GET"]}}],"collection":[{"href":"https:\/\/www.fsg-hagen.de\/index.php?rest_route=\/wp\/v2\/pages"}],"about":[{"href":"https:\/\/www.fsg-hagen.de\/index.php?rest_route=\/wp\/v2\/types\/page"}],"author":[{"embeddable":true,"href":"https:\/\/www.fsg-hagen.de\/index.php?rest_route=\/wp\/v2\/users\/4"}],"replies":[{"embeddable":true,"href":"https:\/\/www.fsg-hagen.de\/index.php?rest_route=%2Fwp%2Fv2%2Fcomments&post=1651"}],"version-history":[{"count":12,"href":"https:\/\/www.fsg-hagen.de\/index.php?rest_route=\/wp\/v2\/pages\/1651\/revisions"}],"predecessor-version":[{"id":1687,"href":"https:\/\/www.fsg-hagen.de\/index.php?rest_route=\/wp\/v2\/pages\/1651\/revisions\/1687"}],"up":[{"embeddable":true,"href":"https:\/\/www.fsg-hagen.de\/index.php?rest_route=\/wp\/v2\/pages\/1621"}],"wp:attachment":[{"href":"https:\/\/www.fsg-hagen.de\/index.php?rest_route=%2Fwp%2Fv2%2Fmedia&parent=1651"}],"curies":[{"name":"wp","href":"https:\/\/api.w.org\/{rel}","templated":true}]}}